{"id":704,"date":"2022-06-14T08:24:03","date_gmt":"2022-06-14T08:24:03","guid":{"rendered":"http:\/\/solidnest.es\/solid-nest\/"},"modified":"2026-04-20T10:28:29","modified_gmt":"2026-04-20T10:28:29","slug":"solid-nest","status":"publish","type":"page","link":"https:\/\/solidnest.es\/ca\/","title":{"rendered":"Solid Nest"},"content":{"rendered":"<ul>\n<li>\n<p>        <img decoding=\"async\" src=\"\/wp-content\/uploads\/2026\/04\/solid_nest_eter_calonge_1920x1080.jpg\" alt=\"\"><\/p>\n<h3>solid_nest_eter_calonge_1920x1080<\/h3>\n<\/li>\n<li>\n<p>        <img decoding=\"async\" src=\"\/wp-content\/uploads\/2026\/03\/solid_nest_vilablareix_iv_07.jpg\" alt=\"\"><\/p>\n<h3>solid_nest_slide_vila_iv<\/h3>\n<\/li>\n<li>\n<p>        <img decoding=\"async\" src=\"\/wp-content\/uploads\/2025\/04\/model_imatge_slideshow-copia.jpg\" alt=\"\"><\/p>\n<h3>solid_nest_slide_el_prat_2<\/h3>\n<p><a href=\"\/ca\/averi-el-prat-de-llobregat\/\"><span uk-icon=\"icon: plus; ratio: 1.3\" class=\"uk-icon\" alt=\"icon\"><\/span><\/a><\/p>\n<\/li>\n<li>\n<p>        <img decoding=\"async\" src=\"\/wp-content\/uploads\/2022\/06\/solid_nest_slide_06.jpg\" alt=\"\"><\/p>\n<h3>solid_nest_slide_06<\/h3>\n<p><a href=\"\/ca\/el-triangle-vilablareix\/\"><span uk-icon=\"icon: plus; ratio: 1.3\" class=\"uk-icon\" alt=\"icon\"><\/span><\/a><\/p>\n<\/li>\n<li>\n<p>        <img decoding=\"async\" src=\"\/wp-content\/uploads\/2022\/11\/solid_nest_El_Marjot_de_Soldeu_06-scaled.jpg\" alt=\"\"><\/p>\n<h3>solid_nest_slide_07<\/h3>\n<p><a href=\"\/ca\/les-aubes-dordino\/\"><span uk-icon=\"icon: plus; ratio: 1.3\" class=\"uk-icon\" alt=\"icon\"><\/span><\/a><\/p>\n<\/li>\n<li>\n<p>        <img decoding=\"async\" src=\"\/wp-content\/uploads\/2022\/06\/solid_nest_slide_06a.jpg\" alt=\"\"><\/p>\n<h3>solid_nest_slide_06a<\/h3>\n<p><a href=\"\/ca\/el-triangle-vilablareix\/\"><span uk-icon=\"icon: plus; ratio: 1.3\" class=\"uk-icon\" alt=\"icon\"><\/span><\/a><\/p>\n<\/li>\n<li>\n<p>        <img decoding=\"async\" src=\"\/wp-content\/uploads\/2022\/11\/solid_nest_El_Marjot_de_Soldeu_02.jpg\" alt=\"\"><\/p>\n<h3>solid_nest_slide_02<\/h3>\n<p><a href=\"\/ca\/el-marjot-de-soldeu\/\"><span uk-icon=\"icon: plus; ratio: 1.3\" class=\"uk-icon\" alt=\"icon\"><\/span><\/a><\/p>\n<\/li>\n<li>\n<p>        <img decoding=\"async\" src=\"\/wp-content\/uploads\/2024\/02\/borda_aso_10.jpg\" alt=\"\"><\/p>\n<h3>solid_nest_slide_07<\/h3>\n<p><a href=\"\/borda-aso-houses\/\"><span uk-icon=\"icon: plus; ratio: 1.3\" class=\"uk-icon\" alt=\"icon\"><\/span><\/a><\/p>\n<\/li>\n<\/ul>\n<div>\n<h2>Solid Nest \u00e9s una promotora immobili\u00e0ria especialitzada en obra nova formada per un equip de professionals amb m\u00e9s de trenta anys d&#8217;experi\u00e8ncia en el sector.<\/h2>\n<h4>Realitzem projectes dissenyats per a cobrir totes les necessitats dels nostres clients, adaptant-nos en tot moment al m\u00f3n canviant en el qual vivim, aconseguint obtenir habitatges de qualitat i amb gran efici\u00e8ncia energ\u00e8tica.<\/p>\n<p>A Solid Nest som conscients que no venem habitatges, a Solid Nest venem llars.<\/h4>\n<\/p><\/div>\n<div>\n<h3>Promocions destacades<\/h3>\n<\/div>\n<ul>\n<li>\n<p>        <img decoding=\"async\" src=\"\/wp-content\/uploads\/2026\/03\/solid_nest_vilablareix_iv_grid_08.jpg\" alt=\"\"><\/p>\n<h3>Les Arrels de Vilablareix<\/h3>\n<div>\n<h6><img decoding=\"async\" class=\"no-padding uk-margin-right\" src=\"\/wp-content\/uploads\/2022\/06\/icon_nova.svg\" width=\"30px\" \/><span class=\"color-n\">NOVA PROMOCI\u00d3<\/span><\/h6>\n<p class=\"uk-text-large\"><span>Les Arrels de Vilablareix\u00a0<\/span><\/p>\n<p><span>Complex residencial format por tres blocs de 48 habitatges a Vilablareix. Amb una zona enjardinada, piscina i \u00e0rea de jocs infantils.<\/span><\/p>\n<\/div>\n<p><a href=\"\/ca\/les-arrels-de-vilablareix\/\"><span uk-icon=\"icon: plus; ratio: 1.3\" class=\"uk-icon\" alt=\"icon\"><\/span><\/a><\/p>\n<\/li>\n<li>\n<p>        <img decoding=\"async\" src=\"\/wp-content\/uploads\/2024\/02\/borda_aso_grid.jpg\" alt=\"\"><\/p>\n<h3>Borda As\u00f3 Houses \u2013 Soldeu<\/h3>\n<div>\n<h6><img decoding=\"async\" class=\"no-padding uk-margin-right\" src=\"\/wp-content\/uploads\/2022\/06\/icon_nova.svg\" width=\"30px\"><span class=\"color-n\">NOVA PROMOCI\u00d3<\/span><\/h6>\n<p class=\"uk-text-large\">Borda As\u00f3 Houses \u2013 Soldeu<\/p>\n<p>Conjunt de 17 cases de luxe situades en un id\u00edl\u00b7lic enclavament de muntanya molt pr\u00f2xim a les pistes d\u2019esqu\u00ed de Soldeu.<\/p>\n<\/div>\n<p><a href=\"\/borda-aso-houses\/\"><span uk-icon=\"icon: plus; ratio: 1.3\" class=\"uk-icon\" alt=\"icon\"><\/span><\/a><\/p>\n<\/li>\n<li>\n<p>        <img decoding=\"async\" src=\"\/wp-content\/uploads\/2023\/10\/grid.jpg\" alt=\"\"><\/p>\n<h3>Farigola &#8211; Vilablareix<\/h3>\n<div>\n<h6><img decoding=\"async\" class=\"no-padding uk-margin-right\" src=\"\/wp-content\/uploads\/2022\/06\/icon_nova.svg\" width=\"30px\"><span class=\"color-n\">NOVA PROMOCI\u00d3<\/span><\/h6>\n<p class=\"uk-text-large\">Farigola &#8211; Vilablareix<\/p>\n<p>Conjunt de 8 cases en filera amb jard\u00ed, 5 habitacions, 3 banys i garatge privat.<\/p>\n<\/div>\n<p><a href=\"\/ca\/farigola-de-vilablareix\/\"><span uk-icon=\"icon: plus; ratio: 1.3\" class=\"uk-icon\" alt=\"icon\"><\/span><\/a><\/p>\n<\/li>\n<\/ul>\n<p>\n    <a href=\"\/ca\/promocions\/\">VEURE TOTES LES NOSTRES PROMOCIONS<\/a>\n<\/p>\n<div>\n<h1>\nSi busques la major rendibilitat, nosaltres som el teu millor binomi.<\/h1>\n<\/div>\n<p>\n    <a href=\"\">PARA INVERSORES<\/a>\n<\/p>\n<p><!--more--><br \/>\n<!-- {\"type\":\"layout\",\"children\":[{\"type\":\"section\",\"props\":{\"animation\":\"fade\",\"animation_delay\":\"200\",\"header_transparent_noplaceholder\":true,\"height\":\"percent\",\"image_position\":\"center-center\",\"padding\":\"none\",\"padding_remove_top\":true,\"style\":\"default\",\"title_breakpoint\":\"xl\",\"title_position\":\"top-left\",\"title_rotation\":\"left\",\"vertical_align\":\"\",\"width\":\"\"},\"children\":[{\"type\":\"row\",\"children\":[{\"type\":\"column\",\"props\":{\"image_position\":\"center-center\",\"position_sticky_breakpoint\":\"m\"},\"children\":[{\"type\":\"slideshow\",\"props\":{\"link_style\":\"secondary\",\"link_text\":\"<span uk-icon=\\\"icon: plus; ratio: 1.3\\\" class=\\\"uk-icon\\\" alt=\\\"icon\\\"><\\\/span>\",\"margin\":\"default\",\"meta_align\":\"below-title\",\"meta_element\":\"div\",\"meta_style\":\"text-meta\",\"nav\":\"\",\"nav_align\":\"center\",\"nav_breakpoint\":\"s\",\"nav_position\":\"bottom-center\",\"nav_position_margin\":\"medium\",\"overlay_animation\":\"parallax\",\"overlay_margin\":\"none\",\"overlay_position\":\"bottom-right\",\"show_content\":true,\"show_link\":true,\"show_meta\":true,\"show_thumbnail\":true,\"show_title\":false,\"slidenav\":\"bottom-left\",\"slidenav_breakpoint\":\"s\",\"slidenav_margin\":\"\",\"slidenav_outside_breakpoint\":\"xl\",\"slideshow_animation\":\"fade\",\"slideshow_autoplay\":true,\"slideshow_autoplay_interval\":\"6\",\"slideshow_autoplay_pause\":false,\"slideshow_height\":\"percent\",\"slideshow_kenburns\":\"alternate\",\"slideshow_min_height\":300,\"thumbnav_height\":\"75\",\"thumbnav_svg_color\":\"emphasis\",\"thumbnav_width\":\"100\",\"title_element\":\"h3\"},\"children\":[{\"type\":\"slideshow_item\",\"props\":{\"image\":\"wp-content\\\/uploads\\\/2026\\\/04\\\/solid_nest_eter_calonge_1920x1080.jpg\",\"title\":\"solid_nest_eter_calonge_1920x1080\"}},{\"type\":\"slideshow_item\",\"props\":{\"image\":\"wp-content\\\/uploads\\\/2026\\\/03\\\/solid_nest_vilablareix_iv_07.jpg\",\"title\":\"solid_nest_slide_vila_iv\"}},{\"type\":\"slideshow_item\",\"props\":{\"image\":\"wp-content\\\/uploads\\\/2025\\\/04\\\/model_imatge_slideshow-copia.jpg\",\"link\":\"ca\\\/averi-el-prat-de-llobregat\\\/\",\"title\":\"solid_nest_slide_el_prat_2\"}},{\"type\":\"slideshow_item\",\"props\":{\"image\":\"wp-content\\\/uploads\\\/2022\\\/06\\\/solid_nest_slide_06.jpg\",\"link\":\"ca\\\/el-triangle-vilablareix\\\/\",\"title\":\"solid_nest_slide_06\"}},{\"type\":\"slideshow_item\",\"props\":{\"image\":\"wp-content\\\/uploads\\\/2022\\\/11\\\/solid_nest_El_Marjot_de_Soldeu_06-scaled.jpg\",\"link\":\"ca\\\/les-aubes-dordino\\\/\",\"title\":\"solid_nest_slide_07\"}},{\"type\":\"slideshow_item\",\"props\":{\"image\":\"wp-content\\\/uploads\\\/2022\\\/06\\\/solid_nest_slide_06a.jpg\",\"link\":\"ca\\\/el-triangle-vilablareix\\\/\",\"title\":\"solid_nest_slide_06a\"}},{\"type\":\"slideshow_item\",\"props\":{\"image\":\"wp-content\\\/uploads\\\/2022\\\/11\\\/solid_nest_El_Marjot_de_Soldeu_02.jpg\",\"link\":\"ca\\\/el-marjot-de-soldeu\\\/\",\"title\":\"solid_nest_slide_02\"}},{\"type\":\"slideshow_item\",\"props\":{\"image\":\"wp-content\\\/uploads\\\/2024\\\/02\\\/borda_aso_10.jpg\",\"link\":\"borda-aso-houses\\\/\",\"title\":\"solid_nest_slide_07\"}}]}]}]}]},{\"type\":\"section\",\"props\":{\"animation\":\"fade\",\"animation_delay\":\"200\",\"image_position\":\"center-center\",\"style\":\"default\",\"title_breakpoint\":\"xl\",\"title_position\":\"top-left\",\"title_rotation\":\"left\",\"vertical_align\":\"middle\",\"width\":\"expand\"},\"children\":[{\"type\":\"row\",\"props\":{\"width\":\"default\"},\"children\":[{\"type\":\"column\",\"props\":{\"image_position\":\"center-center\",\"position_sticky_breakpoint\":\"m\"},\"children\":[{\"type\":\"text\",\"props\":{\"animation\":\"slide-bottom-small\",\"block_align\":\"center\",\"column_breakpoint\":\"m\",\"content\":\"\n\n<h2>Solid Nest \\u00e9s una promotora immobili\\u00e0ria especialitzada en obra nova formada per un equip de professionals amb m\\u00e9s de trenta anys d'experi\\u00e8ncia en el sector.<\\\/h2> \\n\n\n<h4>Realitzem projectes dissenyats per a cobrir totes les necessitats dels nostres clients, adaptant-nos en tot moment al m\\u00f3n canviant en el qual vivim, aconseguint obtenir habitatges de qualitat i amb gran efici\\u00e8ncia energ\\u00e8tica.\\n\\nA Solid Nest som conscients que no venem habitatges, a Solid Nest venem llars.<\\\/h4>\\n\\n \",\"margin\":\"default\",\"text_align\":\"center\"}}]}]},{\"type\":\"row\",\"children\":[{\"type\":\"column\",\"props\":{\"image_position\":\"center-center\",\"position_sticky_breakpoint\":\"m\"},\"children\":[{\"type\":\"text\",\"props\":{\"column_breakpoint\":\"m\",\"content\":\"\n\n<h3>Promocions destacades<\\\/h3>\",\"margin\":\"default\"}}]}]},{\"type\":\"row\",\"props\":{\"match\":true},\"children\":[{\"type\":\"column\",\"props\":{\"image_position\":\"center-center\",\"position_sticky_breakpoint\":\"m\"},\"children\":[{\"type\":\"grid\",\"props\":{\"class\":\"gridbtnbottom2\",\"content_column_breakpoint\":\"m\",\"filter\":false,\"filter_align\":\"center\",\"filter_all\":true,\"filter_all_label\":\"TODAS\",\"filter_animation\":\"fade\",\"filter_grid_breakpoint\":\"m\",\"filter_grid_width\":\"auto\",\"filter_margin\":\"medium\",\"filter_position\":\"top\",\"filter_style\":\"subnav-pill\",\"grid_default\":\"1\",\"grid_medium\":\"3\",\"icon_width\":80,\"image_align\":\"top\",\"image_grid_breakpoint\":\"m\",\"image_grid_width\":\"1-2\",\"image_svg_color\":\"emphasis\",\"item_animation\":true,\"link_margin\":\"medium\",\"link_style\":\"secondary\",\"link_text\":\"<span uk-icon=\\\"icon: plus; ratio: 1.3\\\" class=\\\"uk-icon\\\" alt=\\\"icon\\\"><\\\/span>\",\"margin\":\"default\",\"meta_align\":\"below-title\",\"meta_element\":\"div\",\"meta_style\":\"text-meta\",\"panel_image_no_padding\":true,\"panel_padding\":\"default\",\"panel_style\":\"card-default\",\"parallax_easing\":\"1\",\"show_content\":true,\"show_image\":true,\"show_link\":true,\"show_meta\":true,\"show_title\":false,\"title_align\":\"top\",\"title_element\":\"h3\",\"title_grid_breakpoint\":\"m\",\"title_grid_width\":\"1-2\",\"title_hover_style\":\"reset\"},\"children\":[{\"type\":\"grid_item\",\"props\":{\"content\":\"\n\n<h6><img class=\\\"no-padding uk-margin-right\\\" src=\\\"wp-content\\\/uploads\\\/2022\\\/06\\\/icon_nova.svg\\\" width=\\\"30px\\\" \\\/><span class=\\\"color-n\\\">NOVA PROMOCI\\u00d3<\\\/span><\\\/h6>\\n\n\n<p class=\\\"uk-text-large\\\"><span>Les Arrels de Vilablareix\\u00a0<\\\/span><\\\/p>\\n\n\n<p><span>Complex residencial format por tres blocs de 48 habitatges a Vilablareix. Amb una zona enjardinada, piscina i \\u00e0rea de jocs infantils.<\\\/span><\\\/p>\",\"image\":\"wp-content\\\/uploads\\\/2026\\\/03\\\/solid_nest_vilablareix_iv_grid_08.jpg\",\"link\":\"ca\\\/les-arrels-de-vilablareix\\\/\",\"tags\":\"NOVES\",\"title\":\"Les Arrels de Vilablareix\"}},{\"type\":\"grid_item\",\"props\":{\"content\":\"\n\n<h6><img class=\\\"no-padding uk-margin-right\\\" src=\\\"wp-content\\\/uploads\\\/2022\\\/06\\\/icon_nova.svg\\\" width=\\\"30px\\\"><span class=\\\"color-n\\\">NOVA PROMOCI\\u00d3<\\\/span><\\\/h6>\\n\\n\n\n<p class=\\\"uk-text-large\\\">Borda As\\u00f3 Houses \\u2013 Soldeu<\\\/p>\\n\n\n<p>Conjunt de 17 cases de luxe situades en un id\\u00edl\\u00b7lic enclavament de muntanya molt pr\\u00f2xim a les pistes d\\u2019esqu\\u00ed de Soldeu.<\\\/p>\",\"image\":\"wp-content\\\/uploads\\\/2024\\\/02\\\/borda_aso_grid.jpg\",\"link\":\"borda-aso-houses\\\/\",\"tags\":\"NOVES\",\"title\":\"Borda As\\u00f3 Houses \\u2013 Soldeu\"}},{\"type\":\"grid_item\",\"props\":{\"content\":\"\n\n<h6><img class=\\\"no-padding uk-margin-right\\\" src=\\\"wp-content\\\/uploads\\\/2022\\\/06\\\/icon_nova.svg\\\" width=\\\"30px\\\"><span class=\\\"color-n\\\">NOVA PROMOCI\\u00d3<\\\/span><\\\/h6>\\n\\n\n\n<p class=\\\"uk-text-large\\\">Farigola - Vilablareix<\\\/p>\\n\n\n<p>Conjunt de 8 cases en filera amb jard\\u00ed, 5 habitacions, 3 banys i garatge privat.<\\\/p>\",\"image\":\"wp-content\\\/uploads\\\/2023\\\/10\\\/grid.jpg\",\"link\":\"ca\\\/farigola-de-vilablareix\\\/\",\"tags\":\"NOVES\",\"title\":\"Farigola - Vilablareix\"}}],\"name\":\"grid promociones\"}]}]},{\"type\":\"row\",\"props\":{\"margin\":\"large\"},\"children\":[{\"type\":\"column\",\"props\":{\"image_position\":\"center-center\",\"position_sticky_breakpoint\":\"m\"},\"children\":[{\"type\":\"button\",\"props\":{\"animation\":\"slide-bottom-small\",\"grid_column_gap\":\"small\",\"grid_row_gap\":\"small\",\"margin\":\"\",\"text_align\":\"center\"},\"children\":[{\"type\":\"button_item\",\"props\":{\"button_style\":\"default\",\"content\":\"VEURE TOTES LES NOSTRES PROMOCIONS\",\"icon_align\":\"left\",\"link\":\"ca\\\/promocions\\\/\"}}]}]}]}]},{\"type\":\"section\",\"props\":{\"animation\":\"fade\",\"animation_delay\":\"200\",\"image_position\":\"center-center\",\"media_background\":\"#9DC3D6\",\"media_blend_mode\":\"multiply\",\"padding\":\"large\",\"style\":\"secondary\",\"title_breakpoint\":\"xl\",\"title_position\":\"top-left\",\"title_rotation\":\"left\",\"vertical_align\":\"middle\",\"video\":\"wp-content\\\/uploads\\\/2022\\\/06\\\/solid_nest_inversors.mp4\",\"width\":\"default\"},\"children\":[{\"type\":\"row\",\"children\":[{\"type\":\"column\",\"props\":{\"image_position\":\"center-center\",\"position_sticky_breakpoint\":\"m\"},\"children\":[{\"type\":\"text\",\"props\":{\"animation\":\"slide-bottom-small\",\"block_align\":\"center\",\"column_breakpoint\":\"m\",\"content\":\"\n\n<h1>\\nSi busques la major rendibilitat, nosaltres som el teu millor binomi.<\\\/h1>\",\"margin\":\"default\",\"maxwidth\":\"2xlarge\",\"text_align\":\"center\"}}]}]},{\"type\":\"row\",\"props\":{\"margin\":\"xlarge\"},\"children\":[{\"type\":\"column\",\"props\":{\"image_position\":\"center-center\",\"position_sticky_breakpoint\":\"m\"},\"children\":[{\"type\":\"button\",\"props\":{\"grid_column_gap\":\"small\",\"grid_row_gap\":\"small\",\"margin\":\"\",\"text_align\":\"center\"},\"children\":[{\"type\":\"button_item\",\"props\":{\"button_style\":\"default\",\"content\":\"PARA INVERSORES\",\"icon_align\":\"left\",\"link\":\"\"}}]}]}]}]}],\"version\":\"4.0.7\"} --><\/p>\n","protected":false},"excerpt":{"rendered":"<p>solid_nest_eter_calonge_1920x1080 solid_nest_slide_vila_iv solid_nest_slide_el_prat_2 solid_nest_slide_06 solid_nest_slide_07 solid_nest_slide_06a solid_nest_slide_02 solid_nest_slide_07 Solid Nest \u00e9s una promotora immobili\u00e0ria especialitzada en obra nova formada per un equip de professionals amb m\u00e9s de trenta anys d&#8217;experi\u00e8ncia en el sector. Realitzem projectes dissenyats per a cobrir totes les necessitats dels nostres clients, adaptant-nos en tot moment al m\u00f3n canviant en el qual [&hellip;]<\/p>\n","protected":false},"author":1,"featured_media":0,"parent":0,"menu_order":0,"comment_status":"closed","ping_status":"closed","template":"","meta":{"footnotes":""},"yoast_head":"<!-- This site is optimized with the Yoast SEO plugin v20.10 - https:\/\/yoast.com\/wordpress\/plugins\/seo\/ -->\n<title>Solid Nest - Promotora immobiliaria<\/title>\n<meta name=\"description\" content=\"Promotora immobili\u00e0ria especialitzada en obra nova formada per un equip de professionals amb m\u00e9s de trenta anys d\u2019experi\u00e8ncia\" \/>\n<meta name=\"robots\" content=\"index, follow, max-snippet:-1, max-image-preview:large, max-video-preview:-1\" \/>\n<link rel=\"canonical\" href=\"https:\/\/solidnest.es\/ca\/\" \/>\n<meta property=\"og:locale\" content=\"ca_ES\" \/>\n<meta property=\"og:type\" content=\"article\" \/>\n<meta property=\"og:title\" content=\"Solid Nest - Promotora immobiliaria\" \/>\n<meta property=\"og:description\" content=\"Promotora immobili\u00e0ria especialitzada en obra nova formada per un equip de professionals amb m\u00e9s de trenta anys d\u2019experi\u00e8ncia\" \/>\n<meta property=\"og:url\" content=\"https:\/\/solidnest.es\/ca\/\" \/>\n<meta property=\"og:site_name\" content=\"Solid Nest\" \/>\n<meta property=\"article:modified_time\" content=\"2026-04-20T10:28:29+00:00\" \/>\n<meta name=\"twitter:card\" content=\"summary_large_image\" \/>\n<meta name=\"twitter:label1\" content=\"Temps estimat de lectura\" \/>\n\t<meta name=\"twitter:data1\" content=\"1 minut\" \/>\n<script type=\"application\/ld+json\" class=\"yoast-schema-graph\">{\"@context\":\"https:\/\/schema.org\",\"@graph\":[{\"@type\":\"WebPage\",\"@id\":\"https:\/\/solidnest.es\/ca\/\",\"url\":\"https:\/\/solidnest.es\/ca\/\",\"name\":\"Solid Nest - Promotora immobiliaria\",\"isPartOf\":{\"@id\":\"https:\/\/solidnest.es\/#website\"},\"datePublished\":\"2022-06-14T08:24:03+00:00\",\"dateModified\":\"2026-04-20T10:28:29+00:00\",\"description\":\"Promotora immobili\u00e0ria especialitzada en obra nova formada per un equip de professionals amb m\u00e9s de trenta anys d\u2019experi\u00e8ncia\",\"breadcrumb\":{\"@id\":\"https:\/\/solidnest.es\/ca\/#breadcrumb\"},\"inLanguage\":\"ca\",\"potentialAction\":[{\"@type\":\"ReadAction\",\"target\":[\"https:\/\/solidnest.es\/ca\/\"]}]},{\"@type\":\"BreadcrumbList\",\"@id\":\"https:\/\/solidnest.es\/ca\/#breadcrumb\",\"itemListElement\":[{\"@type\":\"ListItem\",\"position\":1,\"name\":\"Portada\",\"item\":\"https:\/\/solidnest.es\/ca\/\"},{\"@type\":\"ListItem\",\"position\":2,\"name\":\"Solid Nest\"}]},{\"@type\":\"WebSite\",\"@id\":\"https:\/\/solidnest.es\/#website\",\"url\":\"https:\/\/solidnest.es\/\",\"name\":\"Solid Nest\",\"description\":\"Promotora inmobiliaria especializada en obra nueva\",\"potentialAction\":[{\"@type\":\"SearchAction\",\"target\":{\"@type\":\"EntryPoint\",\"urlTemplate\":\"https:\/\/solidnest.es\/?s={search_term_string}\"},\"query-input\":\"required name=search_term_string\"}],\"inLanguage\":\"ca\"}]}<\/script>\n<!-- \/ Yoast SEO plugin. -->","yoast_head_json":{"title":"Solid Nest - Promotora immobiliaria","description":"Promotora immobili\u00e0ria especialitzada en obra nova formada per un equip de professionals amb m\u00e9s de trenta anys d\u2019experi\u00e8ncia","robots":{"index":"index","follow":"follow","max-snippet":"max-snippet:-1","max-image-preview":"max-image-preview:large","max-video-preview":"max-video-preview:-1"},"canonical":"https:\/\/solidnest.es\/ca\/","og_locale":"ca_ES","og_type":"article","og_title":"Solid Nest - Promotora immobiliaria","og_description":"Promotora immobili\u00e0ria especialitzada en obra nova formada per un equip de professionals amb m\u00e9s de trenta anys d\u2019experi\u00e8ncia","og_url":"https:\/\/solidnest.es\/ca\/","og_site_name":"Solid Nest","article_modified_time":"2026-04-20T10:28:29+00:00","twitter_card":"summary_large_image","twitter_misc":{"Temps estimat de lectura":"1 minut"},"schema":{"@context":"https:\/\/schema.org","@graph":[{"@type":"WebPage","@id":"https:\/\/solidnest.es\/ca\/","url":"https:\/\/solidnest.es\/ca\/","name":"Solid Nest - Promotora immobiliaria","isPartOf":{"@id":"https:\/\/solidnest.es\/#website"},"datePublished":"2022-06-14T08:24:03+00:00","dateModified":"2026-04-20T10:28:29+00:00","description":"Promotora immobili\u00e0ria especialitzada en obra nova formada per un equip de professionals amb m\u00e9s de trenta anys d\u2019experi\u00e8ncia","breadcrumb":{"@id":"https:\/\/solidnest.es\/ca\/#breadcrumb"},"inLanguage":"ca","potentialAction":[{"@type":"ReadAction","target":["https:\/\/solidnest.es\/ca\/"]}]},{"@type":"BreadcrumbList","@id":"https:\/\/solidnest.es\/ca\/#breadcrumb","itemListElement":[{"@type":"ListItem","position":1,"name":"Portada","item":"https:\/\/solidnest.es\/ca\/"},{"@type":"ListItem","position":2,"name":"Solid Nest"}]},{"@type":"WebSite","@id":"https:\/\/solidnest.es\/#website","url":"https:\/\/solidnest.es\/","name":"Solid Nest","description":"Promotora inmobiliaria especializada en obra nueva","potentialAction":[{"@type":"SearchAction","target":{"@type":"EntryPoint","urlTemplate":"https:\/\/solidnest.es\/?s={search_term_string}"},"query-input":"required name=search_term_string"}],"inLanguage":"ca"}]}},"_links":{"self":[{"href":"https:\/\/solidnest.es\/ca\/wp-json\/wp\/v2\/pages\/704"}],"collection":[{"href":"https:\/\/solidnest.es\/ca\/wp-json\/wp\/v2\/pages"}],"about":[{"href":"https:\/\/solidnest.es\/ca\/wp-json\/wp\/v2\/types\/page"}],"author":[{"embeddable":true,"href":"https:\/\/solidnest.es\/ca\/wp-json\/wp\/v2\/users\/1"}],"replies":[{"embeddable":true,"href":"https:\/\/solidnest.es\/ca\/wp-json\/wp\/v2\/comments?post=704"}],"version-history":[{"count":50,"href":"https:\/\/solidnest.es\/ca\/wp-json\/wp\/v2\/pages\/704\/revisions"}],"predecessor-version":[{"id":1872,"href":"https:\/\/solidnest.es\/ca\/wp-json\/wp\/v2\/pages\/704\/revisions\/1872"}],"wp:attachment":[{"href":"https:\/\/solidnest.es\/ca\/wp-json\/wp\/v2\/media?parent=704"}],"curies":[{"name":"wp","href":"https:\/\/api.w.org\/{rel}","templated":true}]}}