{"id":706,"date":"2022-06-14T09:27:32","date_gmt":"2022-06-14T09:27:32","guid":{"rendered":"http:\/\/solidnest.es\/promociones\/"},"modified":"2026-04-17T09:38:08","modified_gmt":"2026-04-17T09:38:08","slug":"promocions","status":"publish","type":"page","link":"https:\/\/solidnest.es\/ca\/promocions\/","title":{"rendered":"Promocions"},"content":{"rendered":"<div>\n<h1>Les Nostres Promocions<\/h1>\n<\/div>\n<ul>\n<li>\n<p>        <img decoding=\"async\" src=\"\/wp-content\/uploads\/2026\/04\/Solid_nest_eter_calonge_grid.jpg\" alt=\"\"><\/p>\n<h3>\u00c8ter-Calonge<\/h3>\n<div>\n<h6><img decoding=\"async\" class=\"no-padding uk-margin-right\" src=\"\/wp-content\/uploads\/2022\/06\/icon_nova.svg\" width=\"30px\" \/><span class=\"color-n\">NOVA PROMOCI\u00d3<\/span><\/h6>\n<p class=\"uk-text-large\">\u00c8ter &#8211; Calonge<\/p>\n<p><span>Complex residencial format 16 habitatges amb jard\u00ed i piscina privada, a la urbanitzaci\u00f3 Mes\u00a0<\/span><span>Pall\u00ed<\/span><span>\u00a0de Calonge (Costa Brava).<\/span><\/p>\n<\/div>\n<p><a href=\"\/ca\/eter-calonge\/\"><span uk-icon=\"icon: plus; ratio: 1.3\" class=\"uk-icon\" alt=\"icon\"><\/span><\/a><\/p>\n<\/li>\n<li>\n<p>        <img decoding=\"async\" src=\"\/wp-content\/uploads\/2026\/03\/solid_nest_vilablareix_iv_grid_08.jpg\" alt=\"\"><\/p>\n<h3>Les Arrels de Vilablareix<\/h3>\n<div>\n<h6><img decoding=\"async\" class=\"no-padding uk-margin-right\" src=\"\/wp-content\/uploads\/2022\/06\/icon_nova.svg\" width=\"30px\" \/><span class=\"color-n\">NOVA PROMOCI\u00d3<\/span><\/h6>\n<p class=\"uk-text-large\">Les Arrels de Vilablareix<\/p>\n<p><span>Complex residencial format per tres blocs de 48 pisos, amb zona comunit\u00e0ria enjardinada, piscina i \u00e0rea de jocs infantils.<\/span><\/p>\n<\/div>\n<p><a href=\"\/ca\/les-arrels-de-vilablareix\/\"><span uk-icon=\"icon: plus; ratio: 1.3\" class=\"uk-icon\" alt=\"icon\"><\/span><\/a><\/p>\n<\/li>\n<li>\n<p>        <img decoding=\"async\" src=\"\/wp-content\/uploads\/2025\/04\/model_imatge_grid-copia.jpg\" alt=\"\"><\/p>\n<h3>Averi &#8211; El Prat del Llobregat<\/h3>\n<div>\n<h6><img decoding=\"async\" class=\"no-padding uk-margin-right\" src=\"\/wp-content\/uploads\/2022\/06\/icon_prox.svg\" width=\"30px\"><span class=\"color-p\">NOVA PROMOCI\u00d3<\/span><\/h6>\n<p class=\"uk-text-large\">Averi &#8211; El Prat del Llobregat<\/p>\n<p>\nEdifici de 28 habitatges de 1, 2, 3 i 4 habitacions situat a Av. Anselm Clav\u00e9 amb zona de piscina i garatge.<\/p>\n<\/div>\n<p><a href=\"\/ca\/averi-el-prat-de-llobregat\/\"><span uk-icon=\"icon: plus; ratio: 1.3\" class=\"uk-icon\" alt=\"icon\"><\/span><\/a><\/p>\n<\/li>\n<li>\n<p>        <img decoding=\"async\" src=\"\/wp-content\/uploads\/2023\/05\/GRID-ORDINO-1.jpg\" alt=\"\"><\/p>\n<h3>Les Aubes d&#8217;Ordino<\/h3>\n<div>\n<h6><img decoding=\"async\" class=\"no-padding uk-margin-right\" src=\"\/wp-content\/uploads\/2022\/06\/icon_nova.svg\" width=\"30px\" \/><span class=\"color-n\">NOVA PROMOCI\u00d3<\/span><\/h6>\n<p class=\"uk-text-large\">Les Aubes d&#8217;Ordino<\/p>\n<p>Complex residencial format per tres blocs de 23 habitatges ubicats al cor d&#8217;Ordino.<\/p>\n<\/div>\n<p><a href=\"https:\/\/solidnest.es\/ca\/les-aubes-dordino\/\"><span uk-icon=\"icon: plus; ratio: 1.3\" class=\"uk-icon\" alt=\"icon\"><\/span><\/a><\/p>\n<\/li>\n<li>\n<p>        <img decoding=\"async\" src=\"\/wp-content\/uploads\/2024\/02\/borda_aso_grid.jpg\" alt=\"\"><\/p>\n<h3>Borda As\u00f3 Houses &#8211; Soldeu<\/h3>\n<div>\n<h6><img decoding=\"async\" class=\"no-padding uk-margin-right\" src=\"\/wp-content\/uploads\/2022\/06\/icon_nova.svg\" width=\"30px\" \/><span class=\"color-n\">NOVA PROMOCI\u00d3<\/span><\/h6>\n<p class=\"uk-text-large\">Borda As\u00f3 Houses &#8211; Soldeu<\/p>\n<p>Conjunt de 17 cases de luxe <span>situades en un id\u00edl\u00b7lic enclavament de muntanya molt pr\u00f2xim a les pistes d&#8217;esqu\u00ed de Soldeu.<\/span><\/p>\n<\/div>\n<p><a href=\"\/borda-aso-houses\/\"><span uk-icon=\"icon: plus; ratio: 1.3\" class=\"uk-icon\" alt=\"icon\"><\/span><\/a><\/p>\n<\/li>\n<li>\n<p>        <img decoding=\"async\" src=\"\/wp-content\/uploads\/2023\/05\/grid-mataro.jpg\" alt=\"\"><\/p>\n<h3>Residencial Can Tu\u00f1\u00ed &#8211; Matar\u00f3<\/h3>\n<div>\n<h6><img decoding=\"async\" class=\"no-padding uk-margin-right\" src=\"\/wp-content\/uploads\/2022\/06\/icon_nova.svg\" width=\"30px\" \/><span class=\"color-n\">NOVA PROMOCI\u00d3<\/span><\/h6>\n<p class=\"uk-text-large\">Residencial Can Tu\u00f1\u00ed &#8211; Matar\u00f3<\/p>\n<p>Construcci\u00f3 d&#8217;edifici de 59 habitatges de 1, 2 i 3 dormitoris.<\/p>\n<\/div>\n<p><a href=\"\/ca\/aurea-mataro\/\"><span uk-icon=\"icon: plus; ratio: 1.3\" class=\"uk-icon\" alt=\"icon\"><\/span><\/a><\/p>\n<\/li>\n<li>\n<p>        <img decoding=\"async\" src=\"\/wp-content\/uploads\/2022\/11\/solid_nest_El_Marjot_de_Soldeu_03.jpg\" alt=\"\"><\/p>\n<h3>El Marjot de Soldeu<\/h3>\n<div>\n<h6><img decoding=\"async\" class=\"no-padding uk-margin-right\" src=\"\/wp-content\/uploads\/2022\/06\/icon_ultimes.svg\" width=\"30px\"><span class=\"color-u\">\u00daLTIMES UNITATS<\/span><\/h6>\n<p class=\"uk-text-large\">El Marjot de Soldeu<\/p>\n<p>Promoci\u00f3 de 46 habitatges situada en Soldeu &#8211; Andorra, a tres minuts amb cotxe de l&#8217;estaci\u00f3 d&#8217;esqu\u00ed Grandvalira.<\/p>\n<\/div>\n<p><a href=\"\/ca\/el-marjot-de-soldeu\/\"><span uk-icon=\"icon: plus; ratio: 1.3\" class=\"uk-icon\" alt=\"icon\"><\/span><\/a><\/p>\n<\/li>\n<li>\n<p>        <img decoding=\"async\" src=\"\/wp-content\/uploads\/2023\/06\/grid-prat.jpg\" alt=\"\"><\/p>\n<h3>Renji &#8211; El Prat de Llobregat<\/h3>\n<div>\n<h6><img decoding=\"async\" class=\"no-padding uk-margin-right\" src=\"\/wp-content\/uploads\/2022\/06\/icon_vendida.svg\" width=\"30px\"><span class=\"color-v\">100% VENUDA<\/span><\/h6>\n<p class=\"uk-text-large\">Renji &#8211; El Prat de Llobregat<\/p>\n<p>Promoci\u00f3 de 10 habitatges situada a Av.Anselm Clav\u00e9, El Prat de Llobregat.<\/p>\n<\/div>\n<p><a href=\"\/ca\/renji-el-prat\/\"><span uk-icon=\"icon: plus; ratio: 1.3\" class=\"uk-icon\" alt=\"icon\"><\/span><\/a><\/p>\n<\/li>\n<li>\n<p>        <img decoding=\"async\" src=\"\/wp-content\/uploads\/2023\/10\/grid.jpg\" alt=\"\"><\/p>\n<h3>Farigola &#8211; Vilablareix<\/h3>\n<div>\n<h6><img decoding=\"async\" class=\"no-padding uk-margin-right\" src=\"\/wp-content\/uploads\/2022\/06\/icon_vendida.svg\" width=\"30px\"><span class=\"color-v\">100% VENUDA<\/span><\/h6>\n<p class=\"uk-text-large\">Farigola &#8211; Vilablareix<\/p>\n<p>Conjunt de 8 cases en filera amb jard\u00ed privat.<\/p>\n<\/div>\n<p><a href=\"\/farigola-de-vilablareix\/\"><span uk-icon=\"icon: plus; ratio: 1.3\" class=\"uk-icon\" alt=\"icon\"><\/span><\/a><\/p>\n<\/li>\n<li>\n<p>        <img decoding=\"async\" src=\"\/wp-content\/uploads\/2022\/06\/promocio_el_triangle_vilablareix_02.jpg\" alt=\"\"><\/p>\n<h3>El Triangle \u2013 Vilablareix<\/h3>\n<div>\n<h6><img decoding=\"async\" class=\"no-padding uk-margin-right\" src=\"\/wp-content\/uploads\/2022\/06\/icon_vendida.svg\" width=\"30px\"><span class=\"color-v\">100% VENUDA<\/span><\/h6>\n<p class=\"uk-text-large\">El Triangle &#8211; Vilablareix<\/p>\n<p>Conjunt residencial format per 28 pisos i 6 cases en filera, amb jardins privats a pisos i<br \/>\ncases i amb una gran zona comunit\u00e0ria amb piscina.<\/p>\n<\/div>\n<p><a href=\"\/el-triangle-vilablareix\/\"><span uk-icon=\"icon: plus; ratio: 1.3\" class=\"uk-icon\" alt=\"icon\"><\/span><\/a><\/p>\n<\/li>\n<li>\n<p>        <img decoding=\"async\" src=\"\/wp-content\/uploads\/2022\/06\/promocio_ardora_sabadell_01.jpg\" alt=\"\"><\/p>\n<h3>Ardora Residencial \u2013 Sabadell<\/h3>\n<div>\n<h6><img decoding=\"async\" class=\"no-padding uk-margin-right\" src=\"\/wp-content\/uploads\/2022\/06\/icon_vendida.svg\" width=\"30px\" \/><span class=\"color-v\">100% VENUDA<\/span><\/h6>\n<p class=\"uk-text-large\">Ardora Residencial \u2013 Sabadell<\/p>\n<p>Promoci\u00f3 composta per 56 habitatges de 1D, 2D, 3D i 4D, amb places de garatge i trasters.<\/p>\n<\/div>\n<p><a href=\"\/ardora-residencial-sabadell\/\"><span uk-icon=\"icon: plus; ratio: 1.3\" class=\"uk-icon\" alt=\"icon\"><\/span><\/a><\/p>\n<\/li>\n<li>\n<p>        <img decoding=\"async\" src=\"\/wp-content\/uploads\/2022\/06\/promocio_cubic_cardedeu_01.jpg\" alt=\"\"><\/p>\n<h3>Cubic \u2013 Cardedeu<\/h3>\n<div>\n<h6><img decoding=\"async\" class=\"no-padding uk-margin-right\" src=\"\/wp-content\/uploads\/2022\/06\/icon_vendida.svg\" width=\"30px\"><span class=\"color-v\">100% VENUDA<\/span><\/h6>\n<p class=\"uk-text-large\">Cubic &#8211; Cardedeu<\/p>\n<p>Promoci\u00f3 de 9 habitatges de tres habitacions situada en una zona residencial a menys de 5 minuts a peu del centre del poble.<\/p>\n<\/div>\n<p><a href=\"\/cubic-cardedeu\/\"><span uk-icon=\"icon: plus; ratio: 1.3\" class=\"uk-icon\" alt=\"icon\"><\/span><\/a><\/p>\n<\/li>\n<li>\n<p>        <img decoding=\"async\" src=\"\/wp-content\/uploads\/2022\/06\/promocio_armonia_sant_just_desvern_01.jpg\" alt=\"\"><\/p>\n<h3>Armonia &#8211; Sant Just Desvern<\/h3>\n<div>\n<h6><img decoding=\"async\" class=\"no-padding uk-margin-right\" src=\"\/wp-content\/uploads\/2022\/06\/icon_vendida.svg\" width=\"30px\" \/><span class=\"color-v\">100% VENUDA<\/span><\/h6>\n<p class=\"uk-text-large\">Armonia &#8211; Sant Just Desvern<\/p>\n<p>23 vivendes.<\/p>\n<\/div>\n<p><a href=\"\/armonia-sant-just-desvern\/\"><span uk-icon=\"icon: plus; ratio: 1.3\" class=\"uk-icon\" alt=\"icon\"><\/span><\/a><\/p>\n<\/li>\n<li>\n<p>        <img decoding=\"async\" src=\"\/wp-content\/uploads\/2022\/06\/promocio_armonia_sant_just_01.jpg\" alt=\"\"><\/p>\n<h3>Armonia &#8211; Sant Just Houses<\/h3>\n<div>\n<h6><img decoding=\"async\" class=\"no-padding uk-margin-right\" src=\"\/wp-content\/uploads\/2022\/06\/icon_vendida.svg\" width=\"30px\"><span class=\"color-v\">100% VENUDA<\/span><\/h6>\n<p class=\"uk-text-large\">Armonia &#8211; Sant Just Houses<\/p>\n<p>Promoci\u00f3 de 2 cases unifamiliars situades en el centre de Sant Just Desvern.\n<\/p>\n<\/div>\n<p><a href=\"\/armonia-sant-just-houses\/\"><span uk-icon=\"icon: plus; ratio: 1.3\" class=\"uk-icon\" alt=\"icon\"><\/span><\/a><\/p>\n<\/li>\n<li>\n<p>        <img decoding=\"async\" src=\"\/wp-content\/uploads\/2022\/06\/promocio_meraki_arenys_de_mar_01.jpg\" alt=\"\"><\/p>\n<h3>Meraki &#8211; Arenys de Mar<\/h3>\n<div>\n<h6><img decoding=\"async\" class=\"no-padding uk-margin-right\" src=\"\/wp-content\/uploads\/2022\/06\/icon_vendida.svg\" width=\"30px\"><span class=\"color-v\">100% VENUDA<\/span><\/h6>\n<p class=\"uk-text-large\">Meraki &#8211; Arenys de Mar<\/p>\n<p>Promoci\u00f3 de 16 habitatges de 3 i 4 dormitoris situada en el nucli hist\u00f2ric d&#8217;Arenys de Mar.\n<\/p>\n<\/div>\n<p><a href=\"\/ca\/meraki-arenys-de-mar\/\"><span uk-icon=\"icon: plus; ratio: 1.3\" class=\"uk-icon\" alt=\"icon\"><\/span><\/a><\/p>\n<\/li>\n<li>\n<p>        <img decoding=\"async\" src=\"\/wp-content\/uploads\/2022\/06\/promocio_tao_granollers_01.jpg\" alt=\"\"><\/p>\n<h3>Tao \u2013 Granollers<\/h3>\n<div>\n<h6><img decoding=\"async\" class=\"no-padding uk-margin-right\" src=\"\/wp-content\/uploads\/2022\/06\/icon_vendida.svg\" width=\"30px\" \/><span class=\"color-v\">100% VENUDA<\/span><\/h6>\n<p class=\"uk-text-large\">Tao \u2013 Granollers<\/p>\n<p>Edifici d&#8217;obra nova amb zona comunit\u00e0ria amb piscina<\/p>\n<\/div>\n<\/li>\n<li>\n<p>        <img decoding=\"async\" src=\"\/wp-content\/uploads\/2022\/06\/promocio_arbo_tiana_01.jpg\" alt=\"\"><\/p>\n<h3>Arb\u00f3 &#8211; Tiana<\/h3>\n<div>\n<h6><img decoding=\"async\" class=\"no-padding uk-margin-right\" src=\"\/wp-content\/uploads\/2022\/06\/icon_vendida.svg\" width=\"30px\"><span class=\"color-v\">100% VENUDA<\/span><\/h6>\n<p class=\"uk-text-large\">Arb\u00f3 &#8211; Tiana<\/p>\n<p>5 vivendes.<\/p>\n<\/div>\n<\/li>\n<li>\n<p>        <img decoding=\"async\" src=\"\/wp-content\/uploads\/2022\/06\/promocio_triskel_sant_cugat_del_valles_01.jpg\" alt=\"\"><\/p>\n<h3>Triskel &#8211; Sant Cugat del Vall\u00e8s<\/h3>\n<div>\n<h6><img decoding=\"async\" class=\"no-padding uk-margin-right\" src=\"\/wp-content\/uploads\/2022\/06\/icon_vendida.svg\" width=\"30px\"><span class=\"color-v\">100% VENUDA<\/span><\/h6>\n<p class=\"uk-text-large\">Triskel &#8211; Sant Cugat del Vall\u00e8s<\/p>\n<p>16 vivendes.<\/p>\n<\/div>\n<\/li>\n<li>\n<p>        <img decoding=\"async\" src=\"\/wp-content\/uploads\/2022\/06\/promocio_santa_maria_de_palautordera_01.jpg\" alt=\"\"><\/p>\n<h3>Sant Esteve de Palautordera<\/h3>\n<div>\n<h6><img decoding=\"async\" class=\"no-padding uk-margin-right\" src=\"\/wp-content\/uploads\/2022\/06\/icon_prox.svg\" width=\"30px\"><span class=\"color-p\">PR\u00d2XIMA PROMOCI\u00d3<\/span><\/h6>\n<p class=\"uk-text-large\">Sant Esteve de Palautordera<\/p>\n<\/p>\n<\/div>\n<\/li>\n<\/ul>\n<p><img decoding=\"async\" src=\"\/wp-content\/uploads\/2022\/06\/solid_nest_icon.svg\" alt=\"\"><\/p>\n<p><!--more--><br \/>\n<!-- {\"type\":\"layout\",\"children\":[{\"type\":\"section\",\"props\":{\"animation\":\"fade\",\"animation_delay\":\"200\",\"image_position\":\"center-center\",\"style\":\"default\",\"title_breakpoint\":\"xl\",\"title_position\":\"top-left\",\"title_rotation\":\"left\",\"vertical_align\":\"middle\",\"width\":\"expand\"},\"children\":[{\"type\":\"row\",\"children\":[{\"type\":\"column\",\"props\":{\"image_position\":\"center-center\",\"position_sticky_breakpoint\":\"m\"},\"children\":[{\"type\":\"text\",\"props\":{\"animation\":\"slide-top-small\",\"column_breakpoint\":\"m\",\"content\":\"\n\n<h1>Les Nostres Promocions<\\\/h1>\",\"margin\":\"default\",\"text_align\":\"center\"}}]}]},{\"type\":\"row\",\"children\":[{\"type\":\"column\",\"props\":{\"image_position\":\"center-center\",\"position_sticky_breakpoint\":\"m\"},\"children\":[{\"type\":\"grid\",\"props\":{\"class\":\"gridbtnbottom2\",\"content_column_breakpoint\":\"m\",\"filter\":true,\"filter_align\":\"center\",\"filter_all\":true,\"filter_all_label\":\"TOTES\",\"filter_animation\":\"fade\",\"filter_grid_breakpoint\":\"m\",\"filter_grid_width\":\"auto\",\"filter_margin\":\"medium\",\"filter_position\":\"top\",\"filter_style\":\"subnav-pill\",\"grid_default\":\"1\",\"grid_medium\":\"3\",\"icon_width\":80,\"image_align\":\"top\",\"image_grid_breakpoint\":\"m\",\"image_grid_width\":\"1-2\",\"image_svg_color\":\"emphasis\",\"item_animation\":true,\"link_margin\":\"medium\",\"link_style\":\"secondary\",\"link_text\":\"<span uk-icon=\\\"icon: plus; ratio: 1.3\\\" class=\\\"uk-icon\\\" alt=\\\"icon\\\"><\\\/span>\",\"margin\":\"default\",\"meta_align\":\"below-title\",\"meta_element\":\"div\",\"meta_style\":\"text-meta\",\"panel_image_no_padding\":true,\"panel_padding\":\"default\",\"panel_style\":\"card-default\",\"parallax_easing\":\"1\",\"show_content\":true,\"show_image\":true,\"show_link\":true,\"show_meta\":true,\"show_title\":false,\"title_align\":\"top\",\"title_element\":\"h3\",\"title_grid_breakpoint\":\"m\",\"title_grid_width\":\"1-2\",\"title_hover_style\":\"reset\"},\"children\":[{\"type\":\"grid_item\",\"props\":{\"content\":\"\n\n<h6><img class=\\\"no-padding uk-margin-right\\\" src=\\\"wp-content\\\/uploads\\\/2022\\\/06\\\/icon_nova.svg\\\" width=\\\"30px\\\" \\\/><span class=\\\"color-n\\\">NOVA PROMOCI\\u00d3<\\\/span><\\\/h6>\\n\n\n<p class=\\\"uk-text-large\\\">\\u00c8ter - Calonge<\\\/p>\\n\n\n<p><span>Complex residencial format 16 habitatges amb jard\\u00ed i piscina privada, a la urbanitzaci\\u00f3 Mes\\u00a0<\\\/span><span>Pall\\u00ed<\\\/span><span>\\u00a0de Calonge (Costa Brava).<\\\/span><\\\/p>\",\"image\":\"wp-content\\\/uploads\\\/2026\\\/04\\\/Solid_nest_eter_calonge_grid.jpg\",\"link\":\"ca\\\/eter-calonge\\\/\",\"tags\":\"NOVES\",\"title\":\"\\u00c8ter-Calonge\"}},{\"type\":\"grid_item\",\"props\":{\"content\":\"\n\n<h6><img class=\\\"no-padding uk-margin-right\\\" src=\\\"wp-content\\\/uploads\\\/2022\\\/06\\\/icon_nova.svg\\\" width=\\\"30px\\\" \\\/><span class=\\\"color-n\\\">NOVA PROMOCI\\u00d3<\\\/span><\\\/h6>\\n\n\n<p class=\\\"uk-text-large\\\">Les Arrels de Vilablareix<\\\/p>\\n\n\n<p><span>Complex residencial format per tres blocs de 48 pisos, amb zona comunit\\u00e0ria enjardinada, piscina i \\u00e0rea de jocs infantils.<\\\/span><\\\/p>\",\"image\":\"wp-content\\\/uploads\\\/2026\\\/03\\\/solid_nest_vilablareix_iv_grid_08.jpg\",\"link\":\"ca\\\/les-arrels-de-vilablareix\\\/\",\"tags\":\"NOVES\",\"title\":\"Les Arrels de Vilablareix\"}},{\"type\":\"grid_item\",\"props\":{\"content\":\"\n\n<h6><img class=\\\"no-padding uk-margin-right\\\" src=\\\"wp-content\\\/uploads\\\/2022\\\/06\\\/icon_prox.svg\\\" width=\\\"30px\\\"><span class=\\\"color-p\\\">NOVA PROMOCI\\u00d3<\\\/span><\\\/h6>\\n\\n\n\n<p class=\\\"uk-text-large\\\">Averi - El Prat del Llobregat<\\\/p>\\n\n\n<p>\\nEdifici de 28 habitatges de 1, 2, 3 i 4 habitacions situat a Av. Anselm Clav\\u00e9 amb zona de piscina i garatge.<\\\/p>\",\"image\":\"wp-content\\\/uploads\\\/2025\\\/04\\\/model_imatge_grid-copia.jpg\",\"link\":\"ca\\\/averi-el-prat-de-llobregat\\\/\",\"tags\":\"NOVES,\",\"title\":\"Averi - El Prat del Llobregat\"}},{\"type\":\"grid_item\",\"props\":{\"content\":\"\n\n<h6><img class=\\\"no-padding uk-margin-right\\\" src=\\\"wp-content\\\/uploads\\\/2022\\\/06\\\/icon_nova.svg\\\" width=\\\"30px\\\" \\\/><span class=\\\"color-n\\\">NOVA PROMOCI\\u00d3<\\\/span><\\\/h6>\\n\n\n<p class=\\\"uk-text-large\\\">Les Aubes d'Ordino<\\\/p>\\n\n\n<p>Complex residencial format per tres blocs de 23 habitatges ubicats al cor d'Ordino.<\\\/p>\",\"image\":\"wp-content\\\/uploads\\\/2023\\\/05\\\/GRID-ORDINO-1.jpg\",\"link\":\"https:\\\/\\\/solidnest.es\\\/ca\\\/les-aubes-dordino\\\/\",\"tags\":\"NOVES,\",\"title\":\"Les Aubes d'Ordino\"}},{\"type\":\"grid_item\",\"props\":{\"content\":\"\n\n<h6><img class=\\\"no-padding uk-margin-right\\\" src=\\\"wp-content\\\/uploads\\\/2022\\\/06\\\/icon_nova.svg\\\" width=\\\"30px\\\" \\\/><span class=\\\"color-n\\\">NOVA PROMOCI\\u00d3<\\\/span><\\\/h6>\\n\n\n<p class=\\\"uk-text-large\\\">Borda As\\u00f3 Houses - Soldeu<\\\/p>\\n\n\n<p>Conjunt de 17 cases de luxe <span>situades en un id\\u00edl\\u00b7lic enclavament de muntanya molt pr\\u00f2xim a les pistes d'esqu\\u00ed de Soldeu.<\\\/span><\\\/p>\",\"image\":\"wp-content\\\/uploads\\\/2024\\\/02\\\/borda_aso_grid.jpg\",\"link\":\"borda-aso-houses\\\/\",\"tags\":\"NOVES,\",\"title\":\"Borda As\\u00f3 Houses - Soldeu\"}},{\"type\":\"grid_item\",\"props\":{\"content\":\"\n\n<h6><img class=\\\"no-padding uk-margin-right\\\" src=\\\"wp-content\\\/uploads\\\/2022\\\/06\\\/icon_nova.svg\\\" width=\\\"30px\\\" \\\/><span class=\\\"color-n\\\">NOVA PROMOCI\\u00d3<\\\/span><\\\/h6>\\n\n\n<p class=\\\"uk-text-large\\\">Residencial Can Tu\\u00f1\\u00ed - Matar\\u00f3<\\\/p>\\n\n\n<p>Construcci\\u00f3 d'edifici de 59 habitatges de 1, 2 i 3 dormitoris.<\\\/p>\",\"image\":\"wp-content\\\/uploads\\\/2023\\\/05\\\/grid-mataro.jpg\",\"link\":\"ca\\\/aurea-mataro\\\/\",\"tags\":\"NOVES,\",\"title\":\"Residencial Can Tu\\u00f1\\u00ed - Matar\\u00f3\"}},{\"type\":\"grid_item\",\"props\":{\"content\":\"\n\n<h6><img class=\\\"no-padding uk-margin-right\\\" src=\\\"wp-content\\\/uploads\\\/2022\\\/06\\\/icon_ultimes.svg\\\" width=\\\"30px\\\"><span class=\\\"color-u\\\">\\u00daLTIMES UNITATS<\\\/span><\\\/h6>\\n\n\n<p class=\\\"uk-text-large\\\">El Marjot de Soldeu<\\\/p>\\n\n\n<p>Promoci\\u00f3 de 46 habitatges situada en Soldeu - Andorra, a tres minuts amb cotxe de l'estaci\\u00f3 d'esqu\\u00ed Grandvalira.<\\\/p>\",\"image\":\"wp-content\\\/uploads\\\/2022\\\/11\\\/solid_nest_El_Marjot_de_Soldeu_03.jpg\",\"link\":\"ca\\\/el-marjot-de-soldeu\\\/\",\"tags\":\"\\u00daLTIMES UNITATS, \",\"title\":\"El Marjot de Soldeu\"}},{\"type\":\"grid_item\",\"props\":{\"content\":\"\n\n<h6><img class=\\\"no-padding uk-margin-right\\\" src=\\\"wp-content\\\/uploads\\\/2022\\\/06\\\/icon_vendida.svg\\\" width=\\\"30px\\\"><span class=\\\"color-v\\\">100% VENUDA<\\\/span><\\\/h6>\\n\n\n<p class=\\\"uk-text-large\\\">Renji - El Prat de Llobregat<\\\/p>\\n\n\n<p>Promoci\\u00f3 de 10 habitatges situada a Av.Anselm Clav\\u00e9, El Prat de Llobregat.<\\\/p>\",\"image\":\"wp-content\\\/uploads\\\/2023\\\/06\\\/grid-prat.jpg\",\"link\":\"ca\\\/renji-el-prat\\\/\",\"tags\":\"VENUDES, \",\"title\":\"Renji - El Prat de Llobregat\"}},{\"type\":\"grid_item\",\"props\":{\"content\":\"\n\n<h6><img class=\\\"no-padding uk-margin-right\\\" src=\\\"wp-content\\\/uploads\\\/2022\\\/06\\\/icon_vendida.svg\\\" width=\\\"30px\\\"><span class=\\\"color-v\\\">100% VENUDA<\\\/span><\\\/h6>\\n\n\n<p class=\\\"uk-text-large\\\">Farigola - Vilablareix<\\\/p>\\n\n\n<p>Conjunt de 8 cases en filera amb jard\\u00ed privat.<\\\/p>\",\"image\":\"wp-content\\\/uploads\\\/2023\\\/10\\\/grid.jpg\",\"link\":\"farigola-de-vilablareix\\\/\",\"tags\":\"VENUDES, \",\"title\":\"Farigola - Vilablareix\"}},{\"type\":\"grid_item\",\"props\":{\"content\":\"\n\n<h6><img class=\\\"no-padding uk-margin-right\\\" src=\\\"wp-content\\\/uploads\\\/2022\\\/06\\\/icon_vendida.svg\\\" width=\\\"30px\\\"><span class=\\\"color-v\\\">100% VENUDA<\\\/span><\\\/h6>\\n\\n\n\n<p class=\\\"uk-text-large\\\">El Triangle - Vilablareix<\\\/p>\\n\n\n<p>Conjunt residencial format per 28 pisos i 6 cases en filera, amb jardins privats a pisos i\\ncases i amb una gran zona comunit\\u00e0ria amb piscina.<\\\/p>\",\"image\":\"wp-content\\\/uploads\\\/2022\\\/06\\\/promocio_el_triangle_vilablareix_02.jpg\",\"link\":\"el-triangle-vilablareix\\\/\",\"tags\":\"VENUDES, \",\"title\":\"El Triangle \\u2013 Vilablareix\"}},{\"type\":\"grid_item\",\"props\":{\"content\":\"\n\n<h6><img class=\\\"no-padding uk-margin-right\\\" src=\\\"wp-content\\\/uploads\\\/2022\\\/06\\\/icon_vendida.svg\\\" width=\\\"30px\\\" \\\/><span class=\\\"color-v\\\">100% VENUDA<\\\/span><\\\/h6>\\n\n\n<p class=\\\"uk-text-large\\\">Ardora Residencial \\u2013 Sabadell<\\\/p>\\n\n\n<p>Promoci\\u00f3 composta per 56 habitatges de 1D, 2D, 3D i 4D, amb places de garatge i trasters.<\\\/p>\",\"image\":\"wp-content\\\/uploads\\\/2022\\\/06\\\/promocio_ardora_sabadell_01.jpg\",\"link\":\"ardora-residencial-sabadell\\\/\",\"tags\":\"VENUDES, \",\"title\":\"Ardora Residencial \\u2013 Sabadell\"}},{\"type\":\"grid_item\",\"props\":{\"content\":\"\n\n<h6><img class=\\\"no-padding uk-margin-right\\\" src=\\\"wp-content\\\/uploads\\\/2022\\\/06\\\/icon_vendida.svg\\\" width=\\\"30px\\\"><span class=\\\"color-v\\\">100% VENUDA<\\\/span><\\\/h6>\\n\\n\n\n<p class=\\\"uk-text-large\\\">Cubic - Cardedeu<\\\/p>\\n\n\n<p>Promoci\\u00f3 de 9 habitatges de tres habitacions situada en una zona residencial a menys de 5 minuts a peu del centre del poble.<\\\/p>\",\"image\":\"wp-content\\\/uploads\\\/2022\\\/06\\\/promocio_cubic_cardedeu_01.jpg\",\"link\":\"cubic-cardedeu\\\/\",\"tags\":\"VENUDES,\",\"title\":\"Cubic \\u2013 Cardedeu\"}},{\"type\":\"grid_item\",\"props\":{\"content\":\"\n\n<h6><img class=\\\"no-padding uk-margin-right\\\" src=\\\"wp-content\\\/uploads\\\/2022\\\/06\\\/icon_vendida.svg\\\" width=\\\"30px\\\" \\\/><span class=\\\"color-v\\\">100% VENUDA<\\\/span><\\\/h6>\\n\n\n<p class=\\\"uk-text-large\\\">Armonia - Sant Just Desvern<\\\/p>\\n\n\n<p>23 vivendes.<\\\/p>\",\"image\":\"wp-content\\\/uploads\\\/2022\\\/06\\\/promocio_armonia_sant_just_desvern_01.jpg\",\"link\":\"armonia-sant-just-desvern\\\/\",\"tags\":\"VENUDES,\",\"title\":\"Armonia - Sant Just Desvern\"}},{\"type\":\"grid_item\",\"props\":{\"content\":\"\n\n<h6><img class=\\\"no-padding uk-margin-right\\\" src=\\\"wp-content\\\/uploads\\\/2022\\\/06\\\/icon_vendida.svg\\\" width=\\\"30px\\\"><span class=\\\"color-v\\\">100% VENUDA<\\\/span><\\\/h6>\\n\\n\n\n<p class=\\\"uk-text-large\\\">Armonia - Sant Just Houses<\\\/p>\\n\n\n<p>Promoci\\u00f3 de 2 cases unifamiliars situades en el centre de Sant Just Desvern.  \\n<\\\/p>\",\"image\":\"wp-content\\\/uploads\\\/2022\\\/06\\\/promocio_armonia_sant_just_01.jpg\",\"link\":\"armonia-sant-just-houses\\\/\",\"tags\":\"VENUDES,\",\"title\":\"Armonia - Sant Just Houses\"}},{\"type\":\"grid_item\",\"props\":{\"content\":\"\n\n<h6><img class=\\\"no-padding uk-margin-right\\\" src=\\\"wp-content\\\/uploads\\\/2022\\\/06\\\/icon_vendida.svg\\\" width=\\\"30px\\\"><span class=\\\"color-v\\\">100% VENUDA<\\\/span><\\\/h6>\\n\\n\n\n<p class=\\\"uk-text-large\\\">Meraki - Arenys de Mar<\\\/p>\\n\n\n<p>Promoci\\u00f3 de 16 habitatges de 3 i 4 dormitoris situada en el nucli hist\\u00f2ric d'Arenys de Mar.\\n<\\\/p>\",\"image\":\"wp-content\\\/uploads\\\/2022\\\/06\\\/promocio_meraki_arenys_de_mar_01.jpg\",\"link\":\"ca\\\/meraki-arenys-de-mar\\\/\",\"tags\":\"VENUDES,\",\"title\":\"Meraki - Arenys de Mar\"}},{\"type\":\"grid_item\",\"props\":{\"content\":\"\n\n<h6><img class=\\\"no-padding uk-margin-right\\\" src=\\\"wp-content\\\/uploads\\\/2022\\\/06\\\/icon_vendida.svg\\\" width=\\\"30px\\\" \\\/><span class=\\\"color-v\\\">100% VENUDA<\\\/span><\\\/h6>\\n\n\n<p class=\\\"uk-text-large\\\">Tao \\u2013 Granollers<\\\/p>\\n\n\n<p>Edifici d'obra nova amb zona comunit\\u00e0ria amb piscina<\\\/p>\",\"image\":\"wp-content\\\/uploads\\\/2022\\\/06\\\/promocio_tao_granollers_01.jpg\",\"tags\":\"VENUDES,\",\"title\":\"Tao \\u2013 Granollers\"}},{\"type\":\"grid_item\",\"props\":{\"content\":\"\n\n<h6><img class=\\\"no-padding uk-margin-right\\\" src=\\\"wp-content\\\/uploads\\\/2022\\\/06\\\/icon_vendida.svg\\\" width=\\\"30px\\\"><span class=\\\"color-v\\\">100% VENUDA<\\\/span><\\\/h6>\\n\\n\n\n<p class=\\\"uk-text-large\\\">Arb\\u00f3 - Tiana<\\\/p>\\n\n\n<p>5 vivendes.<\\\/p>\",\"image\":\"wp-content\\\/uploads\\\/2022\\\/06\\\/promocio_arbo_tiana_01.jpg\",\"tags\":\"VENUDES,\",\"title\":\"Arb\\u00f3 - Tiana\"}},{\"type\":\"grid_item\",\"props\":{\"content\":\"\n\n<h6><img class=\\\"no-padding uk-margin-right\\\" src=\\\"wp-content\\\/uploads\\\/2022\\\/06\\\/icon_vendida.svg\\\" width=\\\"30px\\\"><span class=\\\"color-v\\\">100% VENUDA<\\\/span><\\\/h6>\\n\\n\n\n<p class=\\\"uk-text-large\\\">Triskel - Sant Cugat del Vall\\u00e8s<\\\/p>\\n\n\n<p>16 vivendes.<\\\/p>\",\"image\":\"wp-content\\\/uploads\\\/2022\\\/06\\\/promocio_triskel_sant_cugat_del_valles_01.jpg\",\"tags\":\"VENUDES,\",\"title\":\"Triskel - Sant Cugat del Vall\\u00e8s\"}},{\"type\":\"grid_item\",\"props\":{\"content\":\"\n\n<h6><img class=\\\"no-padding uk-margin-right\\\" src=\\\"wp-content\\\/uploads\\\/2022\\\/06\\\/icon_prox.svg\\\" width=\\\"30px\\\"><span class=\\\"color-p\\\">PR\\u00d2XIMA PROMOCI\\u00d3<\\\/span><\\\/h6>\\n\\n\n\n<p class=\\\"uk-text-large\\\">Sant Esteve de Palautordera<\\\/p>\\n\n\n<p><\\\/p>\",\"image\":\"wp-content\\\/uploads\\\/2022\\\/06\\\/promocio_santa_maria_de_palautordera_01.jpg\",\"tags\":\"PR\\u00d2XIMES,\",\"title\":\"Sant Esteve de Palautordera\"}}]}]}]},{\"type\":\"row\",\"children\":[{\"type\":\"column\",\"props\":{\"image_position\":\"center-center\",\"position_sticky_breakpoint\":\"m\"},\"children\":[{\"type\":\"image\",\"props\":{\"block_align\":\"center\",\"image\":\"wp-content\\\/uploads\\\/2022\\\/06\\\/solid_nest_icon.svg\",\"image_svg_color\":\"emphasis\",\"margin\":\"default\",\"maxwidth\":\"small\"}}]}]}]}],\"version\":\"4.0.7\"} --><\/p>\n","protected":false},"excerpt":{"rendered":"<p>Les Nostres Promocions \u00c8ter-Calonge NOVA PROMOCI\u00d3 \u00c8ter &#8211; Calonge Complex residencial format 16 habitatges amb jard\u00ed i piscina privada, a la urbanitzaci\u00f3 Mes\u00a0Pall\u00ed\u00a0de Calonge (Costa Brava). Les Arrels de Vilablareix NOVA PROMOCI\u00d3 Les Arrels de Vilablareix Complex residencial format per tres blocs de 48 pisos, amb zona comunit\u00e0ria enjardinada, piscina i \u00e0rea de jocs infantils. [&hellip;]<\/p>\n","protected":false},"author":1,"featured_media":0,"parent":0,"menu_order":0,"comment_status":"closed","ping_status":"closed","template":"","meta":{"footnotes":""},"yoast_head":"<!-- This site is optimized with the Yoast SEO plugin v20.10 - https:\/\/yoast.com\/wordpress\/plugins\/seo\/ -->\n<title>Promocions - Solid Nest<\/title>\n<meta name=\"description\" content=\"Especialistes en obra nova. Realitzem projectes dissenyats per a cobrir totes les necessitats dels nostres clients.\" \/>\n<meta name=\"robots\" content=\"index, follow, max-snippet:-1, max-image-preview:large, max-video-preview:-1\" \/>\n<link rel=\"canonical\" href=\"https:\/\/solidnest.es\/ca\/promocions\/\" \/>\n<meta property=\"og:locale\" content=\"ca_ES\" \/>\n<meta property=\"og:type\" content=\"article\" \/>\n<meta property=\"og:title\" content=\"Promocions - Solid Nest\" \/>\n<meta property=\"og:description\" content=\"Especialistes en obra nova. Realitzem projectes dissenyats per a cobrir totes les necessitats dels nostres clients.\" \/>\n<meta property=\"og:url\" content=\"https:\/\/solidnest.es\/ca\/promocions\/\" \/>\n<meta property=\"og:site_name\" content=\"Solid Nest\" \/>\n<meta property=\"article:modified_time\" content=\"2026-04-17T09:38:08+00:00\" \/>\n<meta name=\"twitter:card\" content=\"summary_large_image\" \/>\n<meta name=\"twitter:label1\" content=\"Temps estimat de lectura\" \/>\n\t<meta name=\"twitter:data1\" content=\"2 minuts\" \/>\n<script type=\"application\/ld+json\" class=\"yoast-schema-graph\">{\"@context\":\"https:\/\/schema.org\",\"@graph\":[{\"@type\":\"WebPage\",\"@id\":\"https:\/\/solidnest.es\/ca\/promocions\/\",\"url\":\"https:\/\/solidnest.es\/ca\/promocions\/\",\"name\":\"Promocions - Solid Nest\",\"isPartOf\":{\"@id\":\"https:\/\/solidnest.es\/#website\"},\"datePublished\":\"2022-06-14T09:27:32+00:00\",\"dateModified\":\"2026-04-17T09:38:08+00:00\",\"description\":\"Especialistes en obra nova. Realitzem projectes dissenyats per a cobrir totes les necessitats dels nostres clients.\",\"breadcrumb\":{\"@id\":\"https:\/\/solidnest.es\/ca\/promocions\/#breadcrumb\"},\"inLanguage\":\"ca\",\"potentialAction\":[{\"@type\":\"ReadAction\",\"target\":[\"https:\/\/solidnest.es\/ca\/promocions\/\"]}]},{\"@type\":\"BreadcrumbList\",\"@id\":\"https:\/\/solidnest.es\/ca\/promocions\/#breadcrumb\",\"itemListElement\":[{\"@type\":\"ListItem\",\"position\":1,\"name\":\"Portada\",\"item\":\"https:\/\/solidnest.es\/ca\/\"},{\"@type\":\"ListItem\",\"position\":2,\"name\":\"Promocions\"}]},{\"@type\":\"WebSite\",\"@id\":\"https:\/\/solidnest.es\/#website\",\"url\":\"https:\/\/solidnest.es\/\",\"name\":\"Solid Nest\",\"description\":\"Promotora inmobiliaria especializada en obra nueva\",\"potentialAction\":[{\"@type\":\"SearchAction\",\"target\":{\"@type\":\"EntryPoint\",\"urlTemplate\":\"https:\/\/solidnest.es\/?s={search_term_string}\"},\"query-input\":\"required name=search_term_string\"}],\"inLanguage\":\"ca\"}]}<\/script>\n<!-- \/ Yoast SEO plugin. -->","yoast_head_json":{"title":"Promocions - Solid Nest","description":"Especialistes en obra nova. Realitzem projectes dissenyats per a cobrir totes les necessitats dels nostres clients.","robots":{"index":"index","follow":"follow","max-snippet":"max-snippet:-1","max-image-preview":"max-image-preview:large","max-video-preview":"max-video-preview:-1"},"canonical":"https:\/\/solidnest.es\/ca\/promocions\/","og_locale":"ca_ES","og_type":"article","og_title":"Promocions - Solid Nest","og_description":"Especialistes en obra nova. Realitzem projectes dissenyats per a cobrir totes les necessitats dels nostres clients.","og_url":"https:\/\/solidnest.es\/ca\/promocions\/","og_site_name":"Solid Nest","article_modified_time":"2026-04-17T09:38:08+00:00","twitter_card":"summary_large_image","twitter_misc":{"Temps estimat de lectura":"2 minuts"},"schema":{"@context":"https:\/\/schema.org","@graph":[{"@type":"WebPage","@id":"https:\/\/solidnest.es\/ca\/promocions\/","url":"https:\/\/solidnest.es\/ca\/promocions\/","name":"Promocions - Solid Nest","isPartOf":{"@id":"https:\/\/solidnest.es\/#website"},"datePublished":"2022-06-14T09:27:32+00:00","dateModified":"2026-04-17T09:38:08+00:00","description":"Especialistes en obra nova. Realitzem projectes dissenyats per a cobrir totes les necessitats dels nostres clients.","breadcrumb":{"@id":"https:\/\/solidnest.es\/ca\/promocions\/#breadcrumb"},"inLanguage":"ca","potentialAction":[{"@type":"ReadAction","target":["https:\/\/solidnest.es\/ca\/promocions\/"]}]},{"@type":"BreadcrumbList","@id":"https:\/\/solidnest.es\/ca\/promocions\/#breadcrumb","itemListElement":[{"@type":"ListItem","position":1,"name":"Portada","item":"https:\/\/solidnest.es\/ca\/"},{"@type":"ListItem","position":2,"name":"Promocions"}]},{"@type":"WebSite","@id":"https:\/\/solidnest.es\/#website","url":"https:\/\/solidnest.es\/","name":"Solid Nest","description":"Promotora inmobiliaria especializada en obra nueva","potentialAction":[{"@type":"SearchAction","target":{"@type":"EntryPoint","urlTemplate":"https:\/\/solidnest.es\/?s={search_term_string}"},"query-input":"required name=search_term_string"}],"inLanguage":"ca"}]}},"_links":{"self":[{"href":"https:\/\/solidnest.es\/ca\/wp-json\/wp\/v2\/pages\/706"}],"collection":[{"href":"https:\/\/solidnest.es\/ca\/wp-json\/wp\/v2\/pages"}],"about":[{"href":"https:\/\/solidnest.es\/ca\/wp-json\/wp\/v2\/types\/page"}],"author":[{"embeddable":true,"href":"https:\/\/solidnest.es\/ca\/wp-json\/wp\/v2\/users\/1"}],"replies":[{"embeddable":true,"href":"https:\/\/solidnest.es\/ca\/wp-json\/wp\/v2\/comments?post=706"}],"version-history":[{"count":76,"href":"https:\/\/solidnest.es\/ca\/wp-json\/wp\/v2\/pages\/706\/revisions"}],"predecessor-version":[{"id":1837,"href":"https:\/\/solidnest.es\/ca\/wp-json\/wp\/v2\/pages\/706\/revisions\/1837"}],"wp:attachment":[{"href":"https:\/\/solidnest.es\/ca\/wp-json\/wp\/v2\/media?parent=706"}],"curies":[{"name":"wp","href":"https:\/\/api.w.org\/{rel}","templated":true}]}}